{"id":1716,"date":"2020-11-17T14:07:58","date_gmt":"2020-11-17T14:07:58","guid":{"rendered":"http:\/\/ariedebruin.nl\/sociaal\/?page_id=1716"},"modified":"2026-03-10T20:29:05","modified_gmt":"2026-03-10T20:29:05","slug":"projecten","status":"publish","type":"page","link":"http:\/\/ariedebruin.nl\/sociaal\/projecten\/","title":{"rendered":"Projecten"},"content":{"rendered":"\t\t<div data-elementor-type=\"wp-page\" data-elementor-id=\"1716\" class=\"elementor elementor-1716\">\n\t\t\t\t\t\t<section class=\"elementor-section elementor-top-section elementor-element elementor-element-c6b4025 elementor-section-boxed elementor-section-height-default elementor-section-height-default\" data-id=\"c6b4025\" data-element_type=\"section\" data-e-type=\"section\">\n\t\t\t\t\t\t<div class=\"elementor-container elementor-column-gap-default\">\n\t\t\t\t\t<div class=\"elementor-column elementor-col-100 elementor-top-column elementor-element elementor-element-eac8ea0\" data-id=\"eac8ea0\" data-element_type=\"column\" data-e-type=\"column\">\n\t\t\t<div class=\"elementor-widget-wrap elementor-element-populated\">\n\t\t\t\t\t\t<section class=\"elementor-section elementor-inner-section elementor-element elementor-element-36bcbdb elementor-section-boxed elementor-section-height-default elementor-section-height-default\" data-id=\"36bcbdb\" data-element_type=\"section\" data-e-type=\"section\">\n\t\t\t\t\t\t<div class=\"elementor-container elementor-column-gap-default\">\n\t\t\t\t\t<div class=\"elementor-column elementor-col-100 elementor-inner-column elementor-element elementor-element-3fa80e3\" data-id=\"3fa80e3\" data-element_type=\"column\" data-e-type=\"column\">\n\t\t\t<div class=\"elementor-widget-wrap elementor-element-populated\">\n\t\t\t\t\t\t<div class=\"elementor-element elementor-element-fb53353 elementor-widget elementor-widget-text-editor\" data-id=\"fb53353\" data-element_type=\"widget\" data-e-type=\"widget\" data-widget_type=\"text-editor.default\">\n\t\t\t\t<div class=\"elementor-widget-container\">\n\t\t\t\t\t\t\t\t\t<h3><strong>Arie is en was bij verschillende organisaties actief:<\/strong><\/h3><ol><li>Janusz Korczak Stichting: Hij is sinds 2012 voorzitter van het bestuur van deze stichting<\/li><li>Edukans: als vrijwilliger is hij sinds 2011 betrokken bij het Worldteacher Programma van de stichting Edukans. Hij geeft jaarlijks leiding aan \u00a0groepen leerkrachten en studenten tijdens een exchange-programma o.m. in Kenia, Uganda en Malawi. Hij is ook betrokken bij de ontwikkeling van het WT-schoolleidersprogramma. In 2023 heeft hij zijn laatste WT-reis naar Kenia gemaakt en daar een groep Nederlandse leerkrachten en schoolleiders begeleid.<\/li><li>Stichting Joods Kindermonument: sinds 2013 is hij voorzitter van de onderwijswerkgroep van de stichting Loods24\/Joods Kindermonument Rotterdam. In 2024 heeft hij afscheid genomen als voorzitter. Hij is nog wel beschikbaar voor het geven van gastlessen.<\/li><li>Stichting Veelkleurige Religies Rotterdam: hij is lid van de onderwijswerkgroep van deze stichting en tevens lid van de werkgroep Educatief Centrum Wereldreligies. In 2023 heeft hij afscheid genomen van dit werk.<\/li><\/ol>\t\t\t\t\t\t\t\t<\/div>\n\t\t\t\t<\/div>\n\t\t\t\t<div class=\"elementor-element elementor-element-f6132e1 elementor-widget-divider--view-line elementor-widget elementor-widget-divider\" data-id=\"f6132e1\" data-element_type=\"widget\" data-e-type=\"widget\" data-widget_type=\"divider.default\">\n\t\t\t\t<div class=\"elementor-widget-container\">\n\t\t\t\t\t\t\t<div class=\"elementor-divider\">\n\t\t\t<span class=\"elementor-divider-separator\">\n\t\t\t\t\t\t<\/span>\n\t\t<\/div>\n\t\t\t\t\t\t<\/div>\n\t\t\t\t<\/div>\n\t\t\t\t\t<\/div>\n\t\t<\/div>\n\t\t\t\t\t<\/div>\n\t\t<\/section>\n\t\t\t\t<section class=\"elementor-section elementor-inner-section elementor-element elementor-element-b3f5775 elementor-section-boxed elementor-section-height-default elementor-section-height-default\" data-id=\"b3f5775\" data-element_type=\"section\" data-e-type=\"section\">\n\t\t\t\t\t\t<div class=\"elementor-container elementor-column-gap-default\">\n\t\t\t\t\t<div class=\"elementor-column elementor-col-100 elementor-inner-column elementor-element elementor-element-52d06b7\" data-id=\"52d06b7\" data-element_type=\"column\" data-e-type=\"column\">\n\t\t\t<div class=\"elementor-widget-wrap elementor-element-populated\">\n\t\t\t\t\t\t<div class=\"elementor-element elementor-element-dc69da1 elementor-widget elementor-widget-heading\" data-id=\"dc69da1\" data-element_type=\"widget\" data-e-type=\"widget\" data-widget_type=\"heading.default\">\n\t\t\t\t<div class=\"elementor-widget-container\">\n\t\t\t\t\t<h2 class=\"elementor-heading-title elementor-size-default\">Janusz Korczak Stichting<\/h2>\t\t\t\t<\/div>\n\t\t\t\t<\/div>\n\t\t\t\t\t<\/div>\n\t\t<\/div>\n\t\t\t\t\t<\/div>\n\t\t<\/section>\n\t\t\t\t<div class=\"elementor-element elementor-element-85b57ed elementor-widget elementor-widget-image-gallery\" data-id=\"85b57ed\" data-element_type=\"widget\" data-e-type=\"widget\" data-widget_type=\"image-gallery.default\">\n\t\t\t\t<div class=\"elementor-widget-container\">\n\t\t\t\t\t\t\t<div class=\"elementor-image-gallery\">\n\t\t\t\n\t\t<style type=\"text\/css\">\n\t\t\t#gallery-1 {\n\t\t\t\tmargin: auto;\n\t\t\t}\n\t\t\t#gallery-1 .gallery-item {\n\t\t\t\tfloat: left;\n\t\t\t\tmargin-top: 10px;\n\t\t\t\ttext-align: center;\n\t\t\t\twidth: 25%;\n\t\t\t}\n\t\t\t#gallery-1 img {\n\t\t\t\tborder: 2px solid #cfcfcf;\n\t\t\t}\n\t\t\t#gallery-1 .gallery-caption {\n\t\t\t\tmargin-left: 0;\n\t\t\t}\n\t\t\t\/* see gallery_shortcode() in wp-includes\/media.php *\/\n\t\t<\/style>\n\t\t<div id='gallery-1' class='gallery galleryid-1716 gallery-columns-4 gallery-size-thumbnail'><dl class='gallery-item'>\n\t\t\t<dt class='gallery-icon landscape'>\n\t\t\t\t<a data-elementor-open-lightbox=\"yes\" data-elementor-lightbox-slideshow=\"85b57ed\" data-elementor-lightbox-title=\"TT7\" data-e-action-hash=\"#elementor-action%3Aaction%3Dlightbox%26settings%3DeyJpZCI6NTI3LCJ1cmwiOiJodHRwOlwvXC9hcmllZGVicnVpbi5ubFwvc29jaWFhbFwvd3AtY29udGVudFwvdXBsb2Fkc1wvMjAxNFwvMDhcL1RUNy5naWYiLCJzbGlkZXNob3ciOiI4NWI1N2VkIn0%3D\" href='http:\/\/ariedebruin.nl\/sociaal\/wp-content\/uploads\/2014\/08\/TT7.gif'><img decoding=\"async\" width=\"150\" height=\"150\" src=\"http:\/\/ariedebruin.nl\/sociaal\/wp-content\/uploads\/2014\/08\/TT7-150x150.gif\" class=\"attachment-thumbnail size-thumbnail\" alt=\"\" srcset=\"http:\/\/ariedebruin.nl\/sociaal\/wp-content\/uploads\/2014\/08\/TT7-150x150.gif 150w, http:\/\/ariedebruin.nl\/sociaal\/wp-content\/uploads\/2014\/08\/TT7-100x100.gif 100w\" sizes=\"(max-width: 150px) 100vw, 150px\" \/><\/a>\n\t\t\t<\/dt><\/dl><dl class='gallery-item'>\n\t\t\t<dt class='gallery-icon portrait'>\n\t\t\t\t<a data-elementor-open-lightbox=\"yes\" data-elementor-lightbox-slideshow=\"85b57ed\" data-elementor-lightbox-title=\"Moeten we dan alles goedvinden COVER\" data-e-action-hash=\"#elementor-action%3Aaction%3Dlightbox%26settings%3DeyJpZCI6MTA3NiwidXJsIjoiaHR0cDpcL1wvYXJpZWRlYnJ1aW4ubmxcL3NvY2lhYWxcL3dwLWNvbnRlbnRcL3VwbG9hZHNcLzIwMTlcLzEyXC9Nb2V0ZW4td2UtZGFuLWFsbGVzLWdvZWR2aW5kZW4tQ09WRVIucG5nIiwic2xpZGVzaG93IjoiODViNTdlZCJ9\" href='http:\/\/ariedebruin.nl\/sociaal\/wp-content\/uploads\/2019\/12\/Moeten-we-dan-alles-goedvinden-COVER.png'><img decoding=\"async\" width=\"150\" height=\"150\" src=\"http:\/\/ariedebruin.nl\/sociaal\/wp-content\/uploads\/2019\/12\/Moeten-we-dan-alles-goedvinden-COVER-150x150.png\" class=\"attachment-thumbnail size-thumbnail\" alt=\"\" srcset=\"http:\/\/ariedebruin.nl\/sociaal\/wp-content\/uploads\/2019\/12\/Moeten-we-dan-alles-goedvinden-COVER-150x150.png 150w, http:\/\/ariedebruin.nl\/sociaal\/wp-content\/uploads\/2019\/12\/Moeten-we-dan-alles-goedvinden-COVER-100x100.png 100w\" sizes=\"(max-width: 150px) 100vw, 150px\" \/><\/a>\n\t\t\t<\/dt><\/dl><dl class='gallery-item'>\n\t\t\t<dt class='gallery-icon portrait'>\n\t\t\t\t<a data-elementor-open-lightbox=\"yes\" data-elementor-lightbox-slideshow=\"85b57ed\" data-elementor-lightbox-title=\"logokorczak-stichting-kopie\" data-e-action-hash=\"#elementor-action%3Aaction%3Dlightbox%26settings%3DeyJpZCI6OTQxLCJ1cmwiOiJodHRwOlwvXC9hcmllZGVicnVpbi5ubFwvc29jaWFhbFwvd3AtY29udGVudFwvdXBsb2Fkc1wvMjAxNFwvMDdcL2xvZ29Lb3JjemFrLVN0aWNodGluZy1rb3BpZS1lMTYwNTY5MDc2NDE1NS5qcGciLCJzbGlkZXNob3ciOiI4NWI1N2VkIn0%3D\" href='http:\/\/ariedebruin.nl\/sociaal\/wp-content\/uploads\/2014\/07\/logoKorczak-Stichting-kopie-e1605690764155.jpg'><img decoding=\"async\" width=\"150\" height=\"150\" src=\"http:\/\/ariedebruin.nl\/sociaal\/wp-content\/uploads\/2014\/07\/logoKorczak-Stichting-kopie-150x150.jpg\" class=\"attachment-thumbnail size-thumbnail\" alt=\"\" srcset=\"http:\/\/ariedebruin.nl\/sociaal\/wp-content\/uploads\/2014\/07\/logoKorczak-Stichting-kopie-150x150.jpg 150w, http:\/\/ariedebruin.nl\/sociaal\/wp-content\/uploads\/2014\/07\/logoKorczak-Stichting-kopie-100x100.jpg 100w\" sizes=\"(max-width: 150px) 100vw, 150px\" \/><\/a>\n\t\t\t<\/dt><\/dl><dl class='gallery-item'>\n\t\t\t<dt class='gallery-icon landscape'>\n\t\t\t\t<a data-elementor-open-lightbox=\"yes\" data-elementor-lightbox-slideshow=\"85b57ed\" data-elementor-lightbox-title=\"janusz-korczak-with-the-orchestra-of-the-childrens-home_8070841146_o\" data-e-action-hash=\"#elementor-action%3Aaction%3Dlightbox%26settings%3DeyJpZCI6MTg2MywidXJsIjoiaHR0cDpcL1wvYXJpZWRlYnJ1aW4ubmxcL3NvY2lhYWxcL3dwLWNvbnRlbnRcL3VwbG9hZHNcLzIwMjBcLzExXC9qYW51c3ota29yY3phay13aXRoLXRoZS1vcmNoZXN0cmEtb2YtdGhlLWNoaWxkcmVucy1ob21lXzgwNzA4NDExNDZfby5qcGciLCJzbGlkZXNob3ciOiI4NWI1N2VkIn0%3D\" href='http:\/\/ariedebruin.nl\/sociaal\/wp-content\/uploads\/2020\/11\/janusz-korczak-with-the-orchestra-of-the-childrens-home_8070841146_o.jpg'><img loading=\"lazy\" decoding=\"async\" width=\"150\" height=\"150\" src=\"http:\/\/ariedebruin.nl\/sociaal\/wp-content\/uploads\/2020\/11\/janusz-korczak-with-the-orchestra-of-the-childrens-home_8070841146_o-150x150.jpg\" class=\"attachment-thumbnail size-thumbnail\" alt=\"\" srcset=\"http:\/\/ariedebruin.nl\/sociaal\/wp-content\/uploads\/2020\/11\/janusz-korczak-with-the-orchestra-of-the-childrens-home_8070841146_o-150x150.jpg 150w, http:\/\/ariedebruin.nl\/sociaal\/wp-content\/uploads\/2020\/11\/janusz-korczak-with-the-orchestra-of-the-childrens-home_8070841146_o-100x100.jpg 100w\" sizes=\"(max-width: 150px) 100vw, 150px\" \/><\/a>\n\t\t\t<\/dt><\/dl><br style=\"clear: both\" \/>\n\t\t<\/div>\n\t\t<\/div>\n\t\t\t\t\t\t<\/div>\n\t\t\t\t<\/div>\n\t\t\t\t<div class=\"elementor-element elementor-element-98bf78c elementor-widget elementor-widget-eael-adv-accordion\" data-id=\"98bf78c\" data-element_type=\"widget\" data-e-type=\"widget\" data-widget_type=\"eael-adv-accordion.default\">\n\t\t\t\t<div class=\"elementor-widget-container\">\n\t\t\t\t\t            <div class=\"eael-adv-accordion\" id=\"eael-adv-accordion-98bf78c\" data-scroll-on-click=\"no\" data-scroll-speed=\"300\" data-accordion-id=\"98bf78c\" data-accordion-type=\"accordion\" data-toogle-speed=\"300\">\n            <div class=\"eael-accordion-list\">\n\t\t\t\t\t<div id=\"janusz-korczak-stichting\" class=\"elementor-tab-title eael-accordion-header\" tabindex=\"0\" data-tab=\"1\" aria-controls=\"elementor-tab-content-1601\"><span class=\"eael-advanced-accordion-icon-closed\"><i aria-hidden=\"true\" class=\"fa-accordion-icon fas fa-plus\"><\/i><\/span><span class=\"eael-advanced-accordion-icon-opened\"><i aria-hidden=\"true\" class=\"fa-accordion-icon fas fa-minus\"><\/i><\/span><span class=\"eael-accordion-tab-title\">Janusz Korczak Stichting<\/span><i aria-hidden=\"true\" class=\"fa-toggle fas fa-angle-right\"><\/i><\/div><div id=\"elementor-tab-content-1601\" class=\"eael-accordion-content clearfix\" data-tab=\"1\" aria-labelledby=\"janusz-korczak-stichting\"><h1>Janusz Korczak (1878-1942)<\/h1><h4><a href=\"http:\/\/ariedebruin.nl\/sociaal\/wp-content\/uploads\/2014\/08\/TT7.gif\"><img loading=\"lazy\" decoding=\"async\" class=\"size-medium wp-image-527 alignleft\" src=\"http:\/\/ariedebruin.nl\/sociaal\/wp-content\/uploads\/2014\/08\/TT7-300x193.gif\" alt=\"TT7\" width=\"300\" height=\"193\" \/><\/a>is \u00e9\u00e9n van de grootste pedagogen van de 20e eeuw, maar relatief onbekend. Hij heette eigenlijk Henryk Goldschmidt, maar publiceerde als Jood onder een Poolse naam. Hij was kinderarts en stichtte in 1912 een weeshuis, Dom Sierot, in Warschau. Hier realiseerde hij een plaats voor kinderen waar zij gerespecteerd werden en tot hun recht konden komen. In de tweede wereldoorlog werd zijn weeshuis verplaatst naar het ghetto van Warschau. In een veel te kleine behuizing en ondanks de vaak dramatische omstandigheden probeerde hij voor ruim 170 kinderen toch een plaats te cre\u00ebren waar zij met respect werden behandeld en zich veilig voelden. In augustus 1942 werden alle kinderen met de leiding van het weeshuis naar Treblinka vervoerd en vergast. Korczak bleef zijn kinderen trouw en ging met hen mee de gaskamer in. In Yad Vashem in Jeruzalem staat een indrukwekkend standbeeld van hem.<\/h4><h4>Hij schreef vele boeken, zowel voor kinderen als voor volwassenen en verwerkte zijn dagelijkse ervaringen met de kinderen op een bijzondere manier. Niet voor niets wordt hij gezien als \u00e9\u00e9n van de belangrijkste grondleggers van de Rechten van het Kind. Zijn pedagogische idee\u00ebn zijn nog steeds uiterst actueel voor iedere opvoeder: ouders, leraren, groepsleiders, opa\u2019s en oma\u2019s.<\/h4><h4><a href=\"http:\/\/korczak.nl\/stichting\/wp-content\/uploads\/2014\/10\/images.jpeg\"><img loading=\"lazy\" decoding=\"async\" class=\"wp-image-280 alignleft\" src=\"http:\/\/korczak.nl\/stichting\/wp-content\/uploads\/2014\/10\/images.jpeg\" alt=\"images\" width=\"126\" height=\"180\" \/><\/a>De Janusz Korczakstichting zet zich in om zijn gedachtegoed te verspreiden in de wereld van onderwijs en opvoeding. Kijk op:<strong><a href=\"http:\/\/www.korczak.nl\">www.korczak.nl <\/a><\/strong>en wordt lid\/donateur voor minimaal \u20ac 35,\u2013 per jaar. (Studenten voor \u20ac 15,&#8211;)<\/h4><h4>\u00a0<\/h4><\/div>\n\t\t\t\t\t<\/div><\/div>\t\t\t\t<\/div>\n\t\t\t\t<\/div>\n\t\t\t\t<div class=\"elementor-element elementor-element-728ed9d elementor-widget elementor-widget-heading\" data-id=\"728ed9d\" data-element_type=\"widget\" data-e-type=\"widget\" data-widget_type=\"heading.default\">\n\t\t\t\t<div class=\"elementor-widget-container\">\n\t\t\t\t\t<h2 class=\"elementor-heading-title elementor-size-default\">Edukans<\/h2>\t\t\t\t<\/div>\n\t\t\t\t<\/div>\n\t\t\t\t<div class=\"elementor-element elementor-element-00647a1 elementor-widget elementor-widget-image-gallery\" data-id=\"00647a1\" data-element_type=\"widget\" data-e-type=\"widget\" data-widget_type=\"image-gallery.default\">\n\t\t\t\t<div class=\"elementor-widget-container\">\n\t\t\t\t\t\t\t<div class=\"elementor-image-gallery\">\n\t\t\t\n\t\t<style type=\"text\/css\">\n\t\t\t#gallery-2 {\n\t\t\t\tmargin: auto;\n\t\t\t}\n\t\t\t#gallery-2 .gallery-item {\n\t\t\t\tfloat: left;\n\t\t\t\tmargin-top: 10px;\n\t\t\t\ttext-align: center;\n\t\t\t\twidth: 25%;\n\t\t\t}\n\t\t\t#gallery-2 img {\n\t\t\t\tborder: 2px solid #cfcfcf;\n\t\t\t}\n\t\t\t#gallery-2 .gallery-caption {\n\t\t\t\tmargin-left: 0;\n\t\t\t}\n\t\t\t\/* see gallery_shortcode() in wp-includes\/media.php *\/\n\t\t<\/style>\n\t\t<div id='gallery-2' class='gallery galleryid-1716 gallery-columns-4 gallery-size-thumbnail'><dl class='gallery-item'>\n\t\t\t<dt class='gallery-icon landscape'>\n\t\t\t\t<a data-elementor-open-lightbox=\"yes\" data-elementor-lightbox-slideshow=\"00647a1\" data-elementor-lightbox-title=\"DSC02496\" data-e-action-hash=\"#elementor-action%3Aaction%3Dlightbox%26settings%3DeyJpZCI6NjcwLCJ1cmwiOiJodHRwOlwvXC9hcmllZGVicnVpbi5ubFwvc29jaWFhbFwvd3AtY29udGVudFwvdXBsb2Fkc1wvMjAxNFwvMDZcL0RTQzAyNDk2LmpwZyIsInNsaWRlc2hvdyI6IjAwNjQ3YTEifQ%3D%3D\" href='http:\/\/ariedebruin.nl\/sociaal\/wp-content\/uploads\/2014\/06\/DSC02496.jpg'><img loading=\"lazy\" decoding=\"async\" width=\"150\" height=\"150\" src=\"http:\/\/ariedebruin.nl\/sociaal\/wp-content\/uploads\/2014\/06\/DSC02496-150x150.jpg\" class=\"attachment-thumbnail size-thumbnail\" alt=\"\" srcset=\"http:\/\/ariedebruin.nl\/sociaal\/wp-content\/uploads\/2014\/06\/DSC02496-150x150.jpg 150w, http:\/\/ariedebruin.nl\/sociaal\/wp-content\/uploads\/2014\/06\/DSC02496-100x100.jpg 100w\" sizes=\"(max-width: 150px) 100vw, 150px\" \/><\/a>\n\t\t\t<\/dt><\/dl><dl class='gallery-item'>\n\t\t\t<dt class='gallery-icon portrait'>\n\t\t\t\t<a data-elementor-open-lightbox=\"yes\" data-elementor-lightbox-slideshow=\"00647a1\" data-elementor-lightbox-title=\"13876230_544947962360298_3618265799001381044_n\" data-e-action-hash=\"#elementor-action%3Aaction%3Dlightbox%26settings%3DeyJpZCI6NjgzLCJ1cmwiOiJodHRwOlwvXC9hcmllZGVicnVpbi5ubFwvc29jaWFhbFwvd3AtY29udGVudFwvdXBsb2Fkc1wvMjAxNVwvMDlcLzEzODc2MjMwXzU0NDk0Nzk2MjM2MDI5OF8zNjE4MjY1Nzk5MDAxMzgxMDQ0X24uanBnIiwic2xpZGVzaG93IjoiMDA2NDdhMSJ9\" href='http:\/\/ariedebruin.nl\/sociaal\/wp-content\/uploads\/2015\/09\/13876230_544947962360298_3618265799001381044_n.jpg'><img loading=\"lazy\" decoding=\"async\" width=\"150\" height=\"150\" src=\"http:\/\/ariedebruin.nl\/sociaal\/wp-content\/uploads\/2015\/09\/13876230_544947962360298_3618265799001381044_n-150x150.jpg\" class=\"attachment-thumbnail size-thumbnail\" alt=\"\" srcset=\"http:\/\/ariedebruin.nl\/sociaal\/wp-content\/uploads\/2015\/09\/13876230_544947962360298_3618265799001381044_n-150x150.jpg 150w, http:\/\/ariedebruin.nl\/sociaal\/wp-content\/uploads\/2015\/09\/13876230_544947962360298_3618265799001381044_n-100x100.jpg 100w\" sizes=\"(max-width: 150px) 100vw, 150px\" \/><\/a>\n\t\t\t<\/dt><\/dl><dl class='gallery-item'>\n\t\t\t<dt class='gallery-icon landscape'>\n\t\t\t\t<a data-elementor-open-lightbox=\"yes\" data-elementor-lightbox-slideshow=\"00647a1\" data-elementor-lightbox-title=\"schermafbeelding-2017-04-14-om-21-44-12\" data-e-action-hash=\"#elementor-action%3Aaction%3Dlightbox%26settings%3DeyJpZCI6NzMzLCJ1cmwiOiJodHRwOlwvXC9hcmllZGVicnVpbi5ubFwvc29jaWFhbFwvd3AtY29udGVudFwvdXBsb2Fkc1wvMjAxNlwvMTBcL1NjaGVybWFmYmVlbGRpbmctMjAxNy0wNC0xNC1vbS0yMS40NC4xMi5wbmciLCJzbGlkZXNob3ciOiIwMDY0N2ExIn0%3D\" href='http:\/\/ariedebruin.nl\/sociaal\/wp-content\/uploads\/2016\/10\/Schermafbeelding-2017-04-14-om-21.44.12.png'><img loading=\"lazy\" decoding=\"async\" width=\"150\" height=\"150\" src=\"http:\/\/ariedebruin.nl\/sociaal\/wp-content\/uploads\/2016\/10\/Schermafbeelding-2017-04-14-om-21.44.12-150x150.png\" class=\"attachment-thumbnail size-thumbnail\" alt=\"\" srcset=\"http:\/\/ariedebruin.nl\/sociaal\/wp-content\/uploads\/2016\/10\/Schermafbeelding-2017-04-14-om-21.44.12-150x150.png 150w, http:\/\/ariedebruin.nl\/sociaal\/wp-content\/uploads\/2016\/10\/Schermafbeelding-2017-04-14-om-21.44.12-100x100.png 100w\" sizes=\"(max-width: 150px) 100vw, 150px\" \/><\/a>\n\t\t\t<\/dt><\/dl><dl class='gallery-item'>\n\t\t\t<dt class='gallery-icon landscape'>\n\t\t\t\t<a data-elementor-open-lightbox=\"yes\" data-elementor-lightbox-slideshow=\"00647a1\" data-elementor-lightbox-title=\"DSCN0124\" data-e-action-hash=\"#elementor-action%3Aaction%3Dlightbox%26settings%3DeyJpZCI6NjczLCJ1cmwiOiJodHRwOlwvXC9hcmllZGVicnVpbi5ubFwvc29jaWFhbFwvd3AtY29udGVudFwvdXBsb2Fkc1wvMjAxNFwvMDZcL0RTQ04wMTI0LmpwZyIsInNsaWRlc2hvdyI6IjAwNjQ3YTEifQ%3D%3D\" href='http:\/\/ariedebruin.nl\/sociaal\/wp-content\/uploads\/2014\/06\/DSCN0124.jpg'><img loading=\"lazy\" decoding=\"async\" width=\"150\" height=\"150\" src=\"http:\/\/ariedebruin.nl\/sociaal\/wp-content\/uploads\/2014\/06\/DSCN0124-150x150.jpg\" class=\"attachment-thumbnail size-thumbnail\" alt=\"\" srcset=\"http:\/\/ariedebruin.nl\/sociaal\/wp-content\/uploads\/2014\/06\/DSCN0124-150x150.jpg 150w, http:\/\/ariedebruin.nl\/sociaal\/wp-content\/uploads\/2014\/06\/DSCN0124-100x100.jpg 100w\" sizes=\"(max-width: 150px) 100vw, 150px\" \/><\/a>\n\t\t\t<\/dt><\/dl><br style=\"clear: both\" \/>\n\t\t<\/div>\n\t\t<\/div>\n\t\t\t\t\t\t<\/div>\n\t\t\t\t<\/div>\n\t\t\t\t<div class=\"elementor-element elementor-element-74dabc3 elementor-widget elementor-widget-eael-adv-accordion\" data-id=\"74dabc3\" data-element_type=\"widget\" data-e-type=\"widget\" data-widget_type=\"eael-adv-accordion.default\">\n\t\t\t\t<div class=\"elementor-widget-container\">\n\t\t\t\t\t            <div class=\"eael-adv-accordion\" id=\"eael-adv-accordion-74dabc3\" data-scroll-on-click=\"no\" data-scroll-speed=\"300\" data-accordion-id=\"74dabc3\" data-accordion-type=\"accordion\" data-toogle-speed=\"300\">\n            <div class=\"eael-accordion-list\">\n\t\t\t\t\t<div id=\"edukans\" class=\"elementor-tab-title eael-accordion-header\" tabindex=\"0\" data-tab=\"1\" aria-controls=\"elementor-tab-content-1221\"><span class=\"eael-advanced-accordion-icon-closed\"><i aria-hidden=\"true\" class=\"fa-accordion-icon fas fa-plus\"><\/i><\/span><span class=\"eael-advanced-accordion-icon-opened\"><i aria-hidden=\"true\" class=\"fa-accordion-icon fas fa-minus\"><\/i><\/span><span class=\"eael-accordion-tab-title\">Edukans<\/span><i aria-hidden=\"true\" class=\"fa-toggle fas fa-angle-right\"><\/i><\/div><div id=\"elementor-tab-content-1221\" class=\"eael-accordion-content clearfix\" data-tab=\"1\" aria-labelledby=\"edukans\"><p><a href=\"http:\/\/ariedebruin.nl\/sociaal\/wp-content\/uploads\/2014\/07\/logo-edukans-met-pay-off-oranje-kopie.png\"><img loading=\"lazy\" decoding=\"async\" class=\"wp-image-942 alignleft\" src=\"http:\/\/ariedebruin.nl\/sociaal\/wp-content\/uploads\/2014\/07\/logo-edukans-met-pay-off-oranje-kopie-300x227.png\" alt=\"\" width=\"101\" height=\"77\" srcset=\"http:\/\/ariedebruin.nl\/sociaal\/wp-content\/uploads\/2014\/07\/logo-edukans-met-pay-off-oranje-kopie-300x227.png 300w, http:\/\/ariedebruin.nl\/sociaal\/wp-content\/uploads\/2014\/07\/logo-edukans-met-pay-off-oranje-kopie.png 585w\" sizes=\"(max-width: 101px) 100vw, 101px\" \/><\/a><\/p><h3><a href=\"http:\/\/ariedebruin.nl\/sociaal\/wp-content\/uploads\/2015\/09\/gedichtenbundel-honderd-ogen-duizend-vragen.jpg\"><img loading=\"lazy\" decoding=\"async\" class=\"wp-image-617 alignleft\" src=\"http:\/\/ariedebruin.nl\/sociaal\/wp-content\/uploads\/2015\/09\/gedichtenbundel-honderd-ogen-duizend-vragen-210x300.jpg\" alt=\"\" width=\"140\" height=\"200\" srcset=\"http:\/\/ariedebruin.nl\/sociaal\/wp-content\/uploads\/2015\/09\/gedichtenbundel-honderd-ogen-duizend-vragen-210x300.jpg 210w, http:\/\/ariedebruin.nl\/sociaal\/wp-content\/uploads\/2015\/09\/gedichtenbundel-honderd-ogen-duizend-vragen.jpg 500w\" sizes=\"(max-width: 140px) 100vw, 140px\" \/><\/a>Edukans is d\u00e8 ontwikkelingsorganisatie in Nederland voor onderwijs. Zie: <span style=\"color: #000080\"><strong><a style=\"color: #000080\" href=\"http:\/\/www.edukans.nl\">http:\/\/www.edukans.nl<\/a>\u00a0<\/strong><\/span>E\u00e9n van de programma onderdelen is het World Teacher project: een uitwisselingsprogramma. Nederlandse leerkrachten, studenten en directeuren gaan enkele weken naar \u00e9\u00e9n van de deelnemende landen en werken samen met hun collega&#8217;s aan de ontwikkeling van het onderwijs. Arie heeft sinds 2011 leiding gegeven aan WT-groepen in Uganda, Kenia en sinds 2018 in Malawi. Tevens heeft hij meegewerkt aan de ontwikkeling van het WT- <br \/>schoolleidersprogramma. Na de corona-periode begeleidde hij in juli 2023 weer een groep docenten naar Kenia (Elgeyo Marakwet).<\/h3><h3><strong>Juf op de radio<\/strong><\/h3><p>Door de coronacrisis gaan wereldwijd ruim anderhalf miljard kinderen niet naar school. Voor velen is digitaal onderwijs onmogelijk. In samenwerking met lokale organisatie verzorgt Edukans nu in 5 landen speciale radioprogramma\u2019s voor de kinderen en hun ouders. Lokale onderwijzers ondersteunen de gezinnen ter plekke.<\/p><p>Om dit te bekostigen heeft Edukans een speciaal Noodfonds in het leven geroepen. Steun dit via giro 515 (IBAN: NL21 INGB 0000 0005 15, o.v.v. Noodfonds Edukans). Ook de opbrengsten van het boekje \u201cHet Nieuwe Normaal\u201d zijn bestemd voor het Noodfonds. In totaal bracht dit project bijna \u20ac 20.000,- op.<\/p><h3><strong>Critical Friends in Malawi<\/strong><\/h3><p><a href=\"http:\/\/ariedebruin.nl\/sociaal\/wp-content\/uploads\/2014\/06\/Schermafbeelding-2019-12-04-om-15.08.12.png\"><img loading=\"lazy\" decoding=\"async\" class=\" wp-image-1082 alignleft\" src=\"http:\/\/ariedebruin.nl\/sociaal\/wp-content\/uploads\/2014\/06\/Schermafbeelding-2019-12-04-om-15.08.12-300x274.png\" alt=\"\" width=\"152\" height=\"139\" srcset=\"http:\/\/ariedebruin.nl\/sociaal\/wp-content\/uploads\/2014\/06\/Schermafbeelding-2019-12-04-om-15.08.12-300x274.png 300w, http:\/\/ariedebruin.nl\/sociaal\/wp-content\/uploads\/2014\/06\/Schermafbeelding-2019-12-04-om-15.08.12.png 694w\" sizes=\"(max-width: 152px) 100vw, 152px\" \/><\/a>Van 7 t\/m 18 januari 2020 ging Arie nog naar Malawi om namens Edukans in samenwerking met de lokale onderwijsorganisatie EEDF op 6 scholen het programma Critical Friends te introduceren. De bedoeling is dat scholen elkaar regelmatig gaan bezoeken en dan doelgericht een onderwerp kiezen om samen uit te werken en van elkaar te leren.<\/p><\/div>\n\t\t\t\t\t<\/div><\/div>\t\t\t\t<\/div>\n\t\t\t\t<\/div>\n\t\t\t\t\t<\/div>\n\t\t<\/div>\n\t\t\t\t\t<\/div>\n\t\t<\/section>\n\t\t\t\t<section class=\"elementor-section elementor-top-section elementor-element elementor-element-919d5ec elementor-section-boxed elementor-section-height-default elementor-section-height-default\" data-id=\"919d5ec\" data-element_type=\"section\" data-e-type=\"section\">\n\t\t\t\t\t\t<div class=\"elementor-container elementor-column-gap-no\">\n\t\t\t\t\t<div class=\"elementor-column elementor-col-100 elementor-top-column elementor-element elementor-element-add67ee\" data-id=\"add67ee\" data-element_type=\"column\" data-e-type=\"column\">\n\t\t\t<div class=\"elementor-widget-wrap elementor-element-populated\">\n\t\t\t\t\t\t<section class=\"elementor-section elementor-inner-section elementor-element elementor-element-84a3516 elementor-section-boxed elementor-section-height-default elementor-section-height-default\" data-id=\"84a3516\" data-element_type=\"section\" data-e-type=\"section\">\n\t\t\t\t\t\t<div class=\"elementor-container elementor-column-gap-default\">\n\t\t\t\t\t<div class=\"elementor-column elementor-col-50 elementor-inner-column elementor-element elementor-element-0a73f42\" data-id=\"0a73f42\" data-element_type=\"column\" data-e-type=\"column\">\n\t\t\t<div class=\"elementor-widget-wrap elementor-element-populated\">\n\t\t\t\t\t\t<div class=\"elementor-element elementor-element-bf781ab elementor-widget elementor-widget-text-editor\" data-id=\"bf781ab\" data-element_type=\"widget\" data-e-type=\"widget\" data-widget_type=\"text-editor.default\">\n\t\t\t\t<div class=\"elementor-widget-container\">\n\t\t\t\t\t\t\t\t\t<h4 style=\"text-align: center;\"><strong>Stichting Veelkleurige Religies Rotterdam<\/strong> <a href=\"http:\/\/ariedebruin.nl\/sociaal\/wp-content\/uploads\/2020\/11\/Schermafbeelding-2020-11-19-om-09.44.33.png\"><img loading=\"lazy\" decoding=\"async\" class=\"size-full wp-image-1830 aligncenter\" src=\"http:\/\/ariedebruin.nl\/sociaal\/wp-content\/uploads\/2020\/11\/Schermafbeelding-2020-11-19-om-09.44.33.png\" alt=\"\" width=\"300\" height=\"195\" \/><\/a><\/h4>\t\t\t\t\t\t\t\t<\/div>\n\t\t\t\t<\/div>\n\t\t\t\t<div class=\"elementor-element elementor-element-a2d0b77 elementor-widget elementor-widget-eael-adv-accordion\" data-id=\"a2d0b77\" data-element_type=\"widget\" data-e-type=\"widget\" data-widget_type=\"eael-adv-accordion.default\">\n\t\t\t\t<div class=\"elementor-widget-container\">\n\t\t\t\t\t            <div class=\"eael-adv-accordion\" id=\"eael-adv-accordion-a2d0b77\" data-scroll-on-click=\"no\" data-scroll-speed=\"300\" data-accordion-id=\"a2d0b77\" data-accordion-type=\"accordion\" data-toogle-speed=\"300\">\n            <div class=\"eael-accordion-list\">\n\t\t\t\t\t<div id=\"veelkleurige-religies\" class=\"elementor-tab-title eael-accordion-header\" tabindex=\"0\" data-tab=\"1\" aria-controls=\"elementor-tab-content-1701\"><span class=\"eael-advanced-accordion-icon-closed\"><i aria-hidden=\"true\" class=\"fa-accordion-icon fas fa-plus\"><\/i><\/span><span class=\"eael-advanced-accordion-icon-opened\"><i aria-hidden=\"true\" class=\"fa-accordion-icon fas fa-minus\"><\/i><\/span><span class=\"eael-accordion-tab-title\">Veelkleurige Religies<\/span><i aria-hidden=\"true\" class=\"fa-toggle fas fa-angle-right\"><\/i><\/div><div id=\"elementor-tab-content-1701\" class=\"eael-accordion-content clearfix\" data-tab=\"1\" aria-labelledby=\"veelkleurige-religies\"><p>Rotterdam kent veel verschillende religies en culturen. De stichting Veelkleurige Religies Rotterdam (VRR) wil mensen laten kennismaken met deze rijke diversiteit en met elkaar. De activiteiten van VRR zijn erop gericht om mensen met elkaar en elkaars religie in contact te brengen. De kennis en dat contact is waardevol om meer begrip te krijgen voor elkaar. Veelkleurige Religies Rotterdam organiseert lezingen, symposia en reizen langs gebedshuizen zoals moskee\u00ebn, mandirs, synagogen en kerken. Verder is er voorlichtingsmateriaal beschikbaar. Zie:\u00a0<span style=\"color: #000080\"><strong><a style=\"color: #000080\" href=\"https:\/\/veelkleurigereligies\">https:\/\/veelkleurigereligies.wordpress.com\/over\/<\/a><\/strong><\/span><\/p><p style=\"text-align: left\">Arie is lid van de werkgroep Onderwijs en organiseert o.m. het project Gastvrij Ontvangen: pabo-studenten gaan op bezoek bij gezinnen met diverse culturele en religieuze achtergronden. Nadere informatie:\u00a0<span style=\"color: #000080\"><strong><a style=\"color: #000080\" href=\"https:\/\/veelkleurigereligies.wordpress.com\/onderwijs-en-religie\/\">https:\/\/veelkleurigereligies.wordpress.com\/onderwijs-en-religie\/<\/a><\/strong><\/span><\/p><\/div>\n\t\t\t\t\t<\/div><\/div>\t\t\t\t<\/div>\n\t\t\t\t<\/div>\n\t\t\t\t\t<\/div>\n\t\t<\/div>\n\t\t\t\t<div class=\"elementor-column elementor-col-50 elementor-inner-column elementor-element elementor-element-ea3dd6f\" data-id=\"ea3dd6f\" data-element_type=\"column\" data-e-type=\"column\">\n\t\t\t<div class=\"elementor-widget-wrap elementor-element-populated\">\n\t\t\t\t\t\t<div class=\"elementor-element elementor-element-896b278 elementor-widget elementor-widget-text-editor\" data-id=\"896b278\" data-element_type=\"widget\" data-e-type=\"widget\" data-widget_type=\"text-editor.default\">\n\t\t\t\t<div class=\"elementor-widget-container\">\n\t\t\t\t\t\t\t\t\t<h4 style=\"text-align: center;\"><strong>Joods Kindermonument Rotterdam<\/strong><\/h4><p><a href=\"http:\/\/ariedebruin.nl\/sociaal\/wp-content\/uploads\/2018\/03\/logo.loods24joods-kindermonument.-png.png\"><img loading=\"lazy\" decoding=\"async\" class=\" wp-image-935 aligncenter\" src=\"http:\/\/ariedebruin.nl\/sociaal\/wp-content\/uploads\/2018\/03\/logo.loods24joods-kindermonument.-png.png\" alt=\"\" width=\"212\" height=\"169\" \/><\/a><\/p>\t\t\t\t\t\t\t\t<\/div>\n\t\t\t\t<\/div>\n\t\t\t\t<div class=\"elementor-element elementor-element-cc32dfa elementor-widget elementor-widget-eael-adv-accordion\" data-id=\"cc32dfa\" data-element_type=\"widget\" data-e-type=\"widget\" data-widget_type=\"eael-adv-accordion.default\">\n\t\t\t\t<div class=\"elementor-widget-container\">\n\t\t\t\t\t            <div class=\"eael-adv-accordion\" id=\"eael-adv-accordion-cc32dfa\" data-scroll-on-click=\"no\" data-scroll-speed=\"300\" data-accordion-id=\"cc32dfa\" data-accordion-type=\"accordion\" data-toogle-speed=\"300\">\n            <div class=\"eael-accordion-list\">\n\t\t\t\t\t<div id=\"joods-kindermonument\" class=\"elementor-tab-title eael-accordion-header\" tabindex=\"0\" data-tab=\"1\" aria-controls=\"elementor-tab-content-2141\"><span class=\"eael-advanced-accordion-icon-closed\"><i aria-hidden=\"true\" class=\"fa-accordion-icon fas fa-plus\"><\/i><\/span><span class=\"eael-advanced-accordion-icon-opened\"><i aria-hidden=\"true\" class=\"fa-accordion-icon fas fa-minus\"><\/i><\/span><span class=\"eael-accordion-tab-title\">Joods Kindermonument<\/span><i aria-hidden=\"true\" class=\"fa-toggle fas fa-angle-right\"><\/i><\/div><div id=\"elementor-tab-content-2141\" class=\"eael-accordion-content clearfix\" data-tab=\"1\" aria-labelledby=\"joods-kindermonument\"><p><span style=\"color: #000080\"><strong><a href=\"http:\/\/ariedebruin.nl\/sociaal\/wp-content\/uploads\/2020\/11\/0025.jpg\"><img loading=\"lazy\" decoding=\"async\" class=\"alignnone size-medium wp-image-1839\" src=\"http:\/\/ariedebruin.nl\/sociaal\/wp-content\/uploads\/2020\/11\/0025-300x200.jpg\" alt=\"\" width=\"300\" height=\"200\" srcset=\"http:\/\/ariedebruin.nl\/sociaal\/wp-content\/uploads\/2020\/11\/0025-300x200.jpg 300w, http:\/\/ariedebruin.nl\/sociaal\/wp-content\/uploads\/2020\/11\/0025-1024x682.jpg 1024w, http:\/\/ariedebruin.nl\/sociaal\/wp-content\/uploads\/2020\/11\/0025-768x512.jpg 768w, http:\/\/ariedebruin.nl\/sociaal\/wp-content\/uploads\/2020\/11\/0025-800x533.jpg 800w, http:\/\/ariedebruin.nl\/sociaal\/wp-content\/uploads\/2020\/11\/0025.jpg 1175w\" sizes=\"(max-width: 300px) 100vw, 300px\" \/><\/a><a style=\"color: #000080\" href=\"https:\/\/www.loods24rotterdam.nl\/kindermonument\/\">https:\/\/www.loods24rotterdam.nl\/kindermonument\/<\/a><\/strong><\/span><\/p><p>In 2013 werd in Rotterdam het Joods Kindermonument onthuld door burgemeester Aboutaleb. Arie was de initiatiefnemer van een speciaal lesprogramma voor de bovenbouw van het basisonderwijs in Rotterdam: &#8220;Jij hoort in onze klas&#8221;. Kinderen van een groot aantal Rotterdamse basisscholen verdiepten zich in de achtergrond van de 687 kinderen wiens naam op het monument staat. Dit project wordt sindsdien jaarlijks op diverse scholen in Rotterdam uitgevoerd en er zijn inmiddels ook varianten gemaakt voor scholen in Dordrecht en Zwijndrecht.<\/p><h4><strong>30 juli 2020<\/strong><\/h4><p>Dit jaar was het niet mogelijk een centrale herdenking te houden bij het monument op 30 juli, de dag waarop in 1942 de eerste treinen vanuit Loods 24 naar Westerbork vertrokken.<br \/>&#8217;s Morgens hebben we wel bloemen gelegd bij het kindermonument met een aantal kinderen van de Zomerschool. In samenwerking met Verhalenhuis Belved\u00e8re hebben we de kinderen verteld over de geschiedenis van de Joodse kinderen. Vervolgens mochten zij de namen gaan zoeken en bloemen leggen.<\/p><h4><strong>Levenslicht<\/strong><\/h4><p>Op 26 januari 2020 is het 75 jaar geleden dat Auschwitz werd bevrijd. Op die dag wordt in Rotterdam het tijdelijk monument &#8220;Levenslicht&#8221; onthuld: 104.000 lichtgevende steentjes, symboliserend de 104.000 Mensen (Joden, Roma en Sinti) die in WO2 zijn weggevoerd uit Nederland en vermoord in de vernietigingskampen. De stenen worden daarna verspreid over heel Nederland. De 500 steentjes die in Rotterdam blijven gaan naar verschillende plaatsen, waaronder een aantal scholen. Ik heb een speciale lesbrief geschreven voor de Rotterdamse scholen die deelnemen.<\/p><h4><strong>&#8220;Jij hoort in onze klas&#8221;<\/strong><\/h4><p>Wie waren de kinderen die in de jaren 1942-1943 vanuit Rotterdam vertrokken en nooit zijn teruggekeerd? Vanaf de verzamelplaats Loods 24 aan de Rotterdamse Spoorweghaven, ter hoogte van het Poortgebouw aan de Stieltjesstraat, zijn 684 Rotterdamse Joodse kinderen in de leeftijd van \u00e9\u00e9n maand tot en met twaalf jaar gedeporteerd naar Westerbork. Met hun namen op een nieuw te realiseren Joods Kindermonument herdenken we hun lot. Tegelijkertijd richten we daarmee een monument op voor een vreedzame samenleving, als baken binnen het onderwijs.<br \/>Er is een prachtig project ontwikkeld voor de bovenbouw van de basisschool door de onderwijswerkgroep (Andries van der Wal, Albert Oosthoek, Mariet Brouwers , Tineke van der Linden, Ria Kruidenier en Arie de Bruin vz). Het project is ook te gebruiken in de onderbouw van het VO. Inmiddels is het op ruim 70 Rotterdamse scholen uitgevoerd en opgenomen in het jaarlijkse programma. Het project is gratis te downloaden: Zie: https:\/\/www.loods24rotterdam.nl\/onderwijsproject-jij-hoort-op-onze-school\/<br \/>Wil je meer informatie? Mail dan naar de voorzitter van de werkgroep: ariecdebruin@kpnmail.nl<\/p><h4><strong>Stolpersteine in Dordrecht<\/strong><\/h4><p>Ook in 2017 zijn in april en in juni weer Stolpersteine geplaatst in Dordrecht. Verschillende scholen hebben het project uitgevoerd met leerlingen van de bovenbouw en waren ook bij de plaatsing met de kinderen aanwezig. Zie: http:\/\/www.stolpersteine-dordrecht.nl<br \/>In maart 2017 hebben we met groot succes in samenwerking met het Stadsarchief Rotterdam een mini-conferentie georganiseerd over &#8220;Onderwijs over de Holocaust&#8221; . Er was veel belangstelling, ook van de nationale pers. Staatssecretaris Sander Dekker en wethouder Hugo de Jonge waren ook van de partij; een geweldige waardering voor ons werk.<br \/>In Dordrecht zijn op 18 februari 2015 opnieuw een aantal Stolpersteine geplaatst (zie http:\/\/www.stolpersteine-dordrecht.nl). Het onderwijsproject dat ontwikkeld is voor de Rotterdamse basisscholen ter gelegenheid van de onthulling van het Joods Kindermonument, is door Arie de Bruin herschreven voor de Dordtse situatie. Enkele basisscholen (dr. Bavinckschool, en school Vest) hebben het project in het kader van het plaatsen van de Stolpersteine in Dordrecht in het programma opgenomen. Het project heet hier &#8220;Buren van toen&#8221;.<br \/>Bij de onthulling waren kinderen van beide scholen aanwezig die ook gedichten voorlazen.<br \/>Bekijk de website <a href=\"http:\/\/www.stolpersteine-dordrecht.nl\">www.stolpersteine-dordrecht.nl<\/a><\/p><\/div>\n\t\t\t\t\t<\/div><\/div>\t\t\t\t<\/div>\n\t\t\t\t<\/div>\n\t\t\t\t\t<\/div>\n\t\t<\/div>\n\t\t\t\t\t<\/div>\n\t\t<\/section>\n\t\t\t\t\t<\/div>\n\t\t<\/div>\n\t\t\t\t\t<\/div>\n\t\t<\/section>\n\t\t\t\t<\/div>\n\t\t","protected":false},"excerpt":{"rendered":"<p>Arie is en was bij verschillende organisaties actief: Janusz Korczak Stichting: Hij is sinds 2012 voorzitter van het bestuur van deze stichting Edukans: als vrijwilliger is hij sinds 2011 betrokken bij het Worldteacher Programma van de stichting Edukans. Hij geeft jaarlijks leiding aan \u00a0groepen leerkrachten en studenten tijdens een exchange-programma o.m. in Kenia, Uganda en Malawi. Hij is ook betrokken<\/p>\n<p><a class=\"more-link\" href=\"http:\/\/ariedebruin.nl\/sociaal\/projecten\/\">Lees meer<\/a><\/p>\n","protected":false},"author":7,"featured_media":0,"parent":0,"menu_order":0,"comment_status":"closed","ping_status":"closed","template":"","meta":{"footnotes":""},"class_list":["post-1716","page","type-page","status-publish","hentry"],"_links":{"self":[{"href":"http:\/\/ariedebruin.nl\/sociaal\/wp-json\/wp\/v2\/pages\/1716","targetHints":{"allow":["GET"]}}],"collection":[{"href":"http:\/\/ariedebruin.nl\/sociaal\/wp-json\/wp\/v2\/pages"}],"about":[{"href":"http:\/\/ariedebruin.nl\/sociaal\/wp-json\/wp\/v2\/types\/page"}],"author":[{"embeddable":true,"href":"http:\/\/ariedebruin.nl\/sociaal\/wp-json\/wp\/v2\/users\/7"}],"replies":[{"embeddable":true,"href":"http:\/\/ariedebruin.nl\/sociaal\/wp-json\/wp\/v2\/comments?post=1716"}],"version-history":[{"count":136,"href":"http:\/\/ariedebruin.nl\/sociaal\/wp-json\/wp\/v2\/pages\/1716\/revisions"}],"predecessor-version":[{"id":2848,"href":"http:\/\/ariedebruin.nl\/sociaal\/wp-json\/wp\/v2\/pages\/1716\/revisions\/2848"}],"wp:attachment":[{"href":"http:\/\/ariedebruin.nl\/sociaal\/wp-json\/wp\/v2\/media?parent=1716"}],"curies":[{"name":"wp","href":"https:\/\/api.w.org\/{rel}","templated":true}]}}